{"id":153,"date":"2024-10-19T10:35:39","date_gmt":"2024-10-19T10:35:39","guid":{"rendered":"https:\/\/messebusse.de\/?page_id=153"},"modified":"2024-10-19T15:49:34","modified_gmt":"2024-10-19T15:49:34","slug":"shuttle-und-messebusse","status":"publish","type":"page","link":"https:\/\/messebusse.de\/index.php\/shuttle-und-messebusse\/","title":{"rendered":"Shuttle- und Messebusse"},"content":{"rendered":"\n<div class=\"wp-block-media-text is-stacked-on-mobile\"><figure  class=\"wp-block-media-text__media\"><img loading=\"lazy\" decoding=\"async\" width=\"620\" height=\"340\" alt=\"\" src=\"https:\/\/messebusse.de\/wp-content\/uploads\/2024\/10\/messeservice.jpg\" class=\"wp-image-156 size-full\" srcset=\"https:\/\/messebusse.de\/wp-content\/uploads\/2024\/10\/messeservice.jpg 620w, https:\/\/messebusse.de\/wp-content\/uploads\/2024\/10\/messeservice-300x165.jpg 300w\" sizes=\"auto, (max-width: 620px) 100vw, 620px\" \/><\/figure><div class=\"wp-block-media-text__content\">\n<h2 class=\"wp-block-heading\">Shuttle- un d Messebusse<\/h2>\n\n\n\n<p>Eine unserer gro\u00dfen St\u00e4rken ist die Personenbef\u00f6rderung bei Gro\u00dfveranstaltungen und speziell die Bef\u00f6rderung von Besuchern und Ausstellern auf Messen im Raum D\u00fcsseldorf und Essen. <\/p>\n\n\n\n<p>Wir sehen unsere Kopetenz und Aufgabe in der Planung sowie Gew\u00e4hrleistung des reibungslosen Fahrdienstes sowohl w\u00e4hrend als auch vor und nach Ihren Veranstaltungen.<\/p>\n\n\n\n<p><\/p>\n<\/div><\/div>\n\n\n\n<div style=\"height:100px\" aria-hidden=\"true\" class=\"wp-block-spacer\"><\/div>\n\n\n\n<div class=\"wp-block-media-text is-stacked-on-mobile\"><figure class=\"wp-block-media-text__media\"><img loading=\"lazy\" decoding=\"async\" width=\"300\" height=\"165\" src=\"https:\/\/messebusse.de\/wp-content\/uploads\/2024\/09\/fuhrpark.jpg\" alt=\"\" class=\"wp-image-18 size-full\"\/><\/figure><div class=\"wp-block-media-text__content\">\n<p><\/p>\n\n\n\n<h2 class=\"wp-block-heading\">Unser Fuhrpark<\/h2>\n\n\n\n<p>Es stehen 8 Fahrzeuge im gleichen Design zur Verf\u00fcgung. Davon eine Gro\u00dfzahl barrierefrei in Niederflur-Bauweise, also <strong>rollstuhl- und kinderwagenfreundlich<\/strong>.<\/p>\n\n\n\n<div class=\"wp-block-columns is-layout-flex wp-container-core-columns-is-layout-9d6595d7 wp-block-columns-is-layout-flex\">\n<div class=\"wp-block-column is-layout-flow wp-block-column-is-layout-flow\" style=\"flex-basis:33.33%\">\n<p>Fahrzeugtyp:<br>Motorisierung:<br>Ma\u00dfe:<br>Sitz-\/Stehpl\u00e4tze<br>Ein-\/Ausstieg<br>(Bei Fahrzeugen mit Niederflurtechnik)<\/p>\n<\/div>\n\n\n\n<div class=\"wp-block-column is-layout-flow wp-block-column-is-layout-flow\" style=\"flex-basis:66.66%\">\n<p>MB Auw\u00e4rter City-STAR<br>2,5 liter Turbodiesel mit 163 PS<br>(L\/B\/H) 8,30m \/ 2,10m \/ 2,65m<br>12 \/ 38 Personen<br>Doppelschwingt\u00fcren vorn\/hinten<br>mit 20 cm Boden-abstand<br>und Laderampe<\/p>\n<\/div>\n<\/div>\n<\/div><\/div>\n\n\n\n<div style=\"height:100px\" aria-hidden=\"true\" class=\"wp-block-spacer\"><\/div>\n\n\n\n<div class=\"wp-block-media-text is-stacked-on-mobile\" style=\"grid-template-columns:51% auto\"><figure class=\"wp-block-media-text__media\"><img loading=\"lazy\" decoding=\"async\" width=\"620\" height=\"340\" src=\"https:\/\/messebusse.de\/wp-content\/uploads\/2024\/10\/messebusse-niederflur-behindertengerecht.jpg\" alt=\"\" class=\"wp-image-199 size-full\" srcset=\"https:\/\/messebusse.de\/wp-content\/uploads\/2024\/10\/messebusse-niederflur-behindertengerecht.jpg 620w, https:\/\/messebusse.de\/wp-content\/uploads\/2024\/10\/messebusse-niederflur-behindertengerecht-300x165.jpg 300w\" sizes=\"auto, (max-width: 620px) 100vw, 620px\" \/><\/figure><div class=\"wp-block-media-text__content\">\n<p><\/p>\n\n\n\n<h2 class=\"wp-block-heading\">Behindertentransaporte<\/h2>\n\n\n\n<ul class=\"wp-block-list\">\n<li>Modernstes Behindertenfahrzeug mit Rampenautomatik<\/li>\n\n\n\n<li>Sehr geringe Steigung der Rampe durch Niederflur<\/li>\n\n\n\n<li>Bis zu 3 Rollstuhlpl\u00e4tze<\/li>\n\n\n\n<li>\u00dcberbreite Eingangst\u00fcr<\/li>\n<\/ul>\n<\/div><\/div>\n\n\n\n<div style=\"height:100px\" aria-hidden=\"true\" class=\"wp-block-spacer\"><\/div>\n\n\n\n<div class=\"wp-block-media-text is-stacked-on-mobile\"><figure class=\"wp-block-media-text__media\"><img loading=\"lazy\" decoding=\"async\" width=\"620\" height=\"340\" src=\"https:\/\/messebusse.de\/wp-content\/uploads\/2024\/10\/messebusse-shuttleservice.jpg\" alt=\"\" class=\"wp-image-202 size-full\" srcset=\"https:\/\/messebusse.de\/wp-content\/uploads\/2024\/10\/messebusse-shuttleservice.jpg 620w, https:\/\/messebusse.de\/wp-content\/uploads\/2024\/10\/messebusse-shuttleservice-300x165.jpg 300w\" sizes=\"auto, (max-width: 620px) 100vw, 620px\" \/><\/figure><div class=\"wp-block-media-text__content\">\n<p><\/p>\n\n\n\n<h2 class=\"wp-block-heading\">Shuttleservice<\/h2>\n\n\n\n<p>Messe-Service-Busse bietet mehr! Denn auch rund um Ihre Messeveranstaltungen und au\u00dferhalb der \u00f6ffentlichen Messezeiten stehen unsere Busse f\u00fcr den Transport von Ausstellern, Messebauern und anderen Mitwirkenden sowie deren Arbeitsmitteln bereit.<\/p>\n\n\n\n<p>Wir \u00fcbernehmen gern den Shuttlebetrieb zwischen Messehalle und umliegenden Parkpl\u00e4tzen.<\/p>\n<\/div><\/div>\n\n\n\n<p><\/p>\n","protected":false},"excerpt":{"rendered":"<p>Alles f\u00fcr einen reibungslose Personenbef\u00f6rderung auf Messen und Gro\u00dfveranstaltungen<\/p>\n","protected":false},"author":1,"featured_media":156,"parent":0,"menu_order":0,"comment_status":"closed","ping_status":"closed","template":"","meta":{"footnotes":""},"class_list":["post-153","page","type-page","status-publish","has-post-thumbnail","hentry"],"_links":{"self":[{"href":"https:\/\/messebusse.de\/index.php\/wp-json\/wp\/v2\/pages\/153","targetHints":{"allow":["GET"]}}],"collection":[{"href":"https:\/\/messebusse.de\/index.php\/wp-json\/wp\/v2\/pages"}],"about":[{"href":"https:\/\/messebusse.de\/index.php\/wp-json\/wp\/v2\/types\/page"}],"author":[{"embeddable":true,"href":"https:\/\/messebusse.de\/index.php\/wp-json\/wp\/v2\/users\/1"}],"replies":[{"embeddable":true,"href":"https:\/\/messebusse.de\/index.php\/wp-json\/wp\/v2\/comments?post=153"}],"version-history":[{"count":14,"href":"https:\/\/messebusse.de\/index.php\/wp-json\/wp\/v2\/pages\/153\/revisions"}],"predecessor-version":[{"id":203,"href":"https:\/\/messebusse.de\/index.php\/wp-json\/wp\/v2\/pages\/153\/revisions\/203"}],"wp:featuredmedia":[{"embeddable":true,"href":"https:\/\/messebusse.de\/index.php\/wp-json\/wp\/v2\/media\/156"}],"wp:attachment":[{"href":"https:\/\/messebusse.de\/index.php\/wp-json\/wp\/v2\/media?parent=153"}],"curies":[{"name":"wp","href":"https:\/\/api.w.org\/{rel}","templated":true}]}}